{"id":4013,"date":"2021-05-17T14:48:57","date_gmt":"2021-05-17T14:48:57","guid":{"rendered":"https:\/\/rynkowskidesign.pl\/?page_id=4013"},"modified":"2023-09-18T08:01:49","modified_gmt":"2023-09-18T08:01:49","slug":"szara-kuchnia-z-drewnianym-blatem","status":"publish","type":"page","link":"https:\/\/rynkowskidesign.pl\/index.php\/szara-kuchnia-z-drewnianym-blatem\/","title":{"rendered":"Szara kuchnia z drewnianym blatem i czarnymi dodatkami"},"content":{"rendered":"\n<h2 class=\"wp-block-heading alignwide has-text-align-center\" style=\"font-size:30px\">Szaro\u015bci, drewno i czer\u0144 w nowoczesnej kuchni.<\/h2>\n\n\n<div class=\"wp-block-image\">\n<figure class=\"aligncenter size-large\"><img decoding=\"async\" width=\"1024\" height=\"576\" src=\"https:\/\/rynkowskidesign.pl\/wp-content\/uploads\/2021\/05\/1-1024x576.jpg\" alt=\"\" class=\"wp-image-4014\" srcset=\"https:\/\/rynkowskidesign.pl\/wp-content\/uploads\/2021\/05\/1-1024x576.jpg 1024w, https:\/\/rynkowskidesign.pl\/wp-content\/uploads\/2021\/05\/1-300x169.jpg 300w, https:\/\/rynkowskidesign.pl\/wp-content\/uploads\/2021\/05\/1-768x432.jpg 768w, https:\/\/rynkowskidesign.pl\/wp-content\/uploads\/2021\/05\/1-1536x863.jpg 1536w, https:\/\/rynkowskidesign.pl\/wp-content\/uploads\/2021\/05\/1.jpg 2048w\" sizes=\"(max-width: 1024px) 100vw, 1024px\" \/><\/figure><\/div>\n\n\n<div style=\"height:17px\" aria-hidden=\"true\" class=\"wp-block-spacer\"><\/div>\n\n\n\n<p class=\"has-text-align-center\" style=\"font-size:18px\">Odcienie szaro\u015bci nadaj\u0105 wn\u0119trzu nowoczesnego charakteru, tworz\u0105c jednocze\u015bnie atmosfer\u0119 spokoju i harmonii.<\/p>\n\n\n\n<div style=\"height:7px\" aria-hidden=\"true\" class=\"wp-block-spacer\"><\/div>\n\n\n<div class=\"wp-block-image\">\n<figure class=\"aligncenter size-large\"><img decoding=\"async\" width=\"1024\" height=\"576\" src=\"https:\/\/rynkowskidesign.pl\/wp-content\/uploads\/2021\/05\/02-1024x576.jpg\" alt=\"\" class=\"wp-image-4015\" srcset=\"https:\/\/rynkowskidesign.pl\/wp-content\/uploads\/2021\/05\/02-1024x576.jpg 1024w, https:\/\/rynkowskidesign.pl\/wp-content\/uploads\/2021\/05\/02-300x169.jpg 300w, https:\/\/rynkowskidesign.pl\/wp-content\/uploads\/2021\/05\/02-768x432.jpg 768w, https:\/\/rynkowskidesign.pl\/wp-content\/uploads\/2021\/05\/02-1536x864.jpg 1536w, https:\/\/rynkowskidesign.pl\/wp-content\/uploads\/2021\/05\/02.jpg 2048w\" sizes=\"(max-width: 1024px) 100vw, 1024px\" \/><\/figure><\/div>\n\n\n<div style=\"height:18px\" aria-hidden=\"true\" class=\"wp-block-spacer\"><\/div>\n\n\n\n<p class=\"has-text-align-center\" style=\"font-size:18px\">Drewno, subtelnie ociepla przestrze\u0144, dodaj\u0105c jej naturalnego uroku. Czer\u0144, stosowana w akcentach i detalach, <br>nadaje wn\u0119trzu nowoczesnego kontrastu i wyrazistego charakteru.<\/p>\n\n\n\n<div style=\"height:7px\" aria-hidden=\"true\" class=\"wp-block-spacer\"><\/div>\n\n\n<div class=\"wp-block-image\">\n<figure class=\"aligncenter size-large\"><img decoding=\"async\" width=\"1024\" height=\"576\" src=\"https:\/\/rynkowskidesign.pl\/wp-content\/uploads\/2021\/05\/03-1024x576.jpg\" alt=\"\" class=\"wp-image-4016\" srcset=\"https:\/\/rynkowskidesign.pl\/wp-content\/uploads\/2021\/05\/03-1024x576.jpg 1024w, https:\/\/rynkowskidesign.pl\/wp-content\/uploads\/2021\/05\/03-300x169.jpg 300w, https:\/\/rynkowskidesign.pl\/wp-content\/uploads\/2021\/05\/03-768x432.jpg 768w, https:\/\/rynkowskidesign.pl\/wp-content\/uploads\/2021\/05\/03-1536x864.jpg 1536w, https:\/\/rynkowskidesign.pl\/wp-content\/uploads\/2021\/05\/03.jpg 2048w\" sizes=\"(max-width: 1024px) 100vw, 1024px\" \/><\/figure><\/div>\n\n\n<div style=\"height:13px\" aria-hidden=\"true\" class=\"wp-block-spacer\"><\/div>\n\n\n\n<p class=\"has-text-align-center\" style=\"font-size:18px\">To miejsce, w kt\u00f3rym przygotowywanie posi\u0142k\u00f3w staje si\u0119 przyjemno\u015bci\u0105, a wsp\u00f3lne chwile nabieraj\u0105 <br>wyj\u0105tkowego smaku.<\/p>\n\n\n\n<div style=\"height:7px\" aria-hidden=\"true\" class=\"wp-block-spacer\"><\/div>\n\n\n<div class=\"wp-block-image\">\n<figure class=\"aligncenter size-large\"><img decoding=\"async\" width=\"1024\" height=\"768\" src=\"https:\/\/rynkowskidesign.pl\/wp-content\/uploads\/2021\/05\/04-1024x768.jpg\" alt=\"\" class=\"wp-image-4017\" srcset=\"https:\/\/rynkowskidesign.pl\/wp-content\/uploads\/2021\/05\/04-1024x768.jpg 1024w, https:\/\/rynkowskidesign.pl\/wp-content\/uploads\/2021\/05\/04-300x225.jpg 300w, https:\/\/rynkowskidesign.pl\/wp-content\/uploads\/2021\/05\/04-768x576.jpg 768w, https:\/\/rynkowskidesign.pl\/wp-content\/uploads\/2021\/05\/04-1536x1152.jpg 1536w, https:\/\/rynkowskidesign.pl\/wp-content\/uploads\/2021\/05\/04.jpg 2048w\" sizes=\"(max-width: 1024px) 100vw, 1024px\" \/><\/figure><\/div>","protected":false},"excerpt":{"rendered":"<p>Szaro\u015bci, drewno i czer\u0144 w nowoczesnej kuchni. Odcienie szaro\u015bci nadaj\u0105 wn\u0119trzu nowoczesnego charakteru, tworz\u0105c jednocze\u015bnie atmosfer\u0119 spokoju i harmonii. Drewno, subtelnie ociepla przestrze\u0144, dodaj\u0105c jej naturalnego uroku. Czer\u0144, stosowana w akcentach i detalach, nadaje wn\u0119trzu nowoczesnego kontrastu i wyrazistego charakteru. To miejsce, w kt\u00f3rym przygotowywanie posi\u0142k\u00f3w staje si\u0119 przyjemno\u015bci\u0105, a wsp\u00f3lne chwile nabieraj\u0105 wyj\u0105tkowego smaku.<\/p>\n","protected":false},"author":1,"featured_media":0,"parent":0,"menu_order":0,"comment_status":"closed","ping_status":"closed","template":"","meta":{"neve_meta_sidebar":"full-width","neve_meta_container":"","neve_meta_enable_content_width":"on","neve_meta_content_width":100,"neve_meta_title_alignment":"","neve_meta_author_avatar":"","neve_post_elements_order":"","neve_meta_disable_header":"","neve_meta_disable_footer":"","neve_meta_disable_title":"","_themeisle_gutenberg_block_has_review":false},"yoast_head":"<!-- This site is optimized with the Yoast SEO plugin v21.4 - https:\/\/yoast.com\/wordpress\/plugins\/seo\/ -->\n<title>Szara kuchnia z drewnianym blatem i czarnymi dodatkami - Architekt Pozna\u0144 - projekty dom\u00f3w, projekty wn\u0119trz<\/title>\n<meta name=\"description\" content=\"Szaro\u015bci, drewno i czer\u0144 w nowoczesnej kuchni.\" \/>\n<meta name=\"robots\" content=\"index, follow, max-snippet:-1, max-image-preview:large, max-video-preview:-1\" \/>\n<link rel=\"canonical\" href=\"https:\/\/rynkowskidesign.pl\/index.php\/szara-kuchnia-z-drewnianym-blatem\/\" \/>\n<meta property=\"og:locale\" content=\"en_US\" \/>\n<meta property=\"og:type\" content=\"article\" \/>\n<meta property=\"og:title\" content=\"Szara kuchnia z drewnianym blatem i czarnymi dodatkami - Architekt Pozna\u0144 - projekty dom\u00f3w, projekty wn\u0119trz\" \/>\n<meta property=\"og:description\" content=\"Szaro\u015bci, drewno i czer\u0144 w nowoczesnej kuchni.\" \/>\n<meta property=\"og:url\" content=\"https:\/\/rynkowskidesign.pl\/index.php\/szara-kuchnia-z-drewnianym-blatem\/\" \/>\n<meta property=\"og:site_name\" content=\"Architekt Pozna\u0144 - projekty dom\u00f3w, projekty wn\u0119trz\" \/>\n<meta property=\"article:publisher\" content=\"https:\/\/www.facebook.com\/RynkowskiDesign\" \/>\n<meta property=\"article:modified_time\" content=\"2023-09-18T08:01:49+00:00\" \/>\n<meta property=\"og:image\" content=\"https:\/\/rynkowskidesign.pl\/wp-content\/uploads\/2021\/05\/1-1024x576.jpg\" \/>\n<meta name=\"twitter:card\" content=\"summary_large_image\" \/>\n<meta name=\"twitter:label1\" content=\"Est. reading time\" \/>\n\t<meta name=\"twitter:data1\" content=\"2 minutes\" \/>\n<script type=\"application\/ld+json\" class=\"yoast-schema-graph\">{\"@context\":\"https:\/\/schema.org\",\"@graph\":[{\"@type\":\"WebPage\",\"@id\":\"https:\/\/rynkowskidesign.pl\/index.php\/szara-kuchnia-z-drewnianym-blatem\/\",\"url\":\"https:\/\/rynkowskidesign.pl\/index.php\/szara-kuchnia-z-drewnianym-blatem\/\",\"name\":\"Szara kuchnia z drewnianym blatem i czarnymi dodatkami - Architekt Pozna\u0144 - projekty dom\u00f3w, projekty wn\u0119trz\",\"isPartOf\":{\"@id\":\"https:\/\/rynkowskidesign.pl\/#website\"},\"datePublished\":\"2021-05-17T14:48:57+00:00\",\"dateModified\":\"2023-09-18T08:01:49+00:00\",\"description\":\"Szaro\u015bci, drewno i czer\u0144 w nowoczesnej kuchni.\",\"breadcrumb\":{\"@id\":\"https:\/\/rynkowskidesign.pl\/index.php\/szara-kuchnia-z-drewnianym-blatem\/#breadcrumb\"},\"inLanguage\":\"en-US\",\"potentialAction\":[{\"@type\":\"ReadAction\",\"target\":[\"https:\/\/rynkowskidesign.pl\/index.php\/szara-kuchnia-z-drewnianym-blatem\/\"]}]},{\"@type\":\"BreadcrumbList\",\"@id\":\"https:\/\/rynkowskidesign.pl\/index.php\/szara-kuchnia-z-drewnianym-blatem\/#breadcrumb\",\"itemListElement\":[{\"@type\":\"ListItem\",\"position\":1,\"name\":\"Home\",\"item\":\"https:\/\/rynkowskidesign.pl\/\"},{\"@type\":\"ListItem\",\"position\":2,\"name\":\"Szara kuchnia z drewnianym blatem i czarnymi dodatkami\"}]},{\"@type\":\"WebSite\",\"@id\":\"https:\/\/rynkowskidesign.pl\/#website\",\"url\":\"https:\/\/rynkowskidesign.pl\/\",\"name\":\"Architekt Pozna\u0144 - projekty dom\u00f3w, projekty wn\u0119trz\",\"description\":\"Rynkowski Design\",\"publisher\":{\"@id\":\"https:\/\/rynkowskidesign.pl\/#organization\"},\"potentialAction\":[{\"@type\":\"SearchAction\",\"target\":{\"@type\":\"EntryPoint\",\"urlTemplate\":\"https:\/\/rynkowskidesign.pl\/?s={search_term_string}\"},\"query-input\":\"required name=search_term_string\"}],\"inLanguage\":\"en-US\"},{\"@type\":\"Organization\",\"@id\":\"https:\/\/rynkowskidesign.pl\/#organization\",\"name\":\"Rynkowski Design\",\"url\":\"https:\/\/rynkowskidesign.pl\/\",\"logo\":{\"@type\":\"ImageObject\",\"inLanguage\":\"en-US\",\"@id\":\"https:\/\/rynkowskidesign.pl\/#\/schema\/logo\/image\/\",\"url\":\"https:\/\/rynkowskidesign.pl\/wp-content\/uploads\/2018\/05\/cropped-2.png\",\"contentUrl\":\"https:\/\/rynkowskidesign.pl\/wp-content\/uploads\/2018\/05\/cropped-2.png\",\"width\":512,\"height\":512,\"caption\":\"Rynkowski Design\"},\"image\":{\"@id\":\"https:\/\/rynkowskidesign.pl\/#\/schema\/logo\/image\/\"},\"sameAs\":[\"https:\/\/www.facebook.com\/RynkowskiDesign\",\"https:\/\/www.instagram.com\/rynkowskidesign\/\",\"https:\/\/www.youtube.com\/channel\/UCzBFs6JGA0RxNvGBJmxe5nQ\"]}]}<\/script>\n<!-- \/ Yoast SEO plugin. -->","yoast_head_json":{"title":"Szara kuchnia z drewnianym blatem i czarnymi dodatkami - Architekt Pozna\u0144 - projekty dom\u00f3w, projekty wn\u0119trz","description":"Szaro\u015bci, drewno i czer\u0144 w nowoczesnej kuchni.","robots":{"index":"index","follow":"follow","max-snippet":"max-snippet:-1","max-image-preview":"max-image-preview:large","max-video-preview":"max-video-preview:-1"},"canonical":"https:\/\/rynkowskidesign.pl\/index.php\/szara-kuchnia-z-drewnianym-blatem\/","og_locale":"en_US","og_type":"article","og_title":"Szara kuchnia z drewnianym blatem i czarnymi dodatkami - Architekt Pozna\u0144 - projekty dom\u00f3w, projekty wn\u0119trz","og_description":"Szaro\u015bci, drewno i czer\u0144 w nowoczesnej kuchni.","og_url":"https:\/\/rynkowskidesign.pl\/index.php\/szara-kuchnia-z-drewnianym-blatem\/","og_site_name":"Architekt Pozna\u0144 - projekty dom\u00f3w, projekty wn\u0119trz","article_publisher":"https:\/\/www.facebook.com\/RynkowskiDesign","article_modified_time":"2023-09-18T08:01:49+00:00","og_image":[{"url":"https:\/\/rynkowskidesign.pl\/wp-content\/uploads\/2021\/05\/1-1024x576.jpg"}],"twitter_card":"summary_large_image","twitter_misc":{"Est. reading time":"2 minutes"},"schema":{"@context":"https:\/\/schema.org","@graph":[{"@type":"WebPage","@id":"https:\/\/rynkowskidesign.pl\/index.php\/szara-kuchnia-z-drewnianym-blatem\/","url":"https:\/\/rynkowskidesign.pl\/index.php\/szara-kuchnia-z-drewnianym-blatem\/","name":"Szara kuchnia z drewnianym blatem i czarnymi dodatkami - Architekt Pozna\u0144 - projekty dom\u00f3w, projekty wn\u0119trz","isPartOf":{"@id":"https:\/\/rynkowskidesign.pl\/#website"},"datePublished":"2021-05-17T14:48:57+00:00","dateModified":"2023-09-18T08:01:49+00:00","description":"Szaro\u015bci, drewno i czer\u0144 w nowoczesnej kuchni.","breadcrumb":{"@id":"https:\/\/rynkowskidesign.pl\/index.php\/szara-kuchnia-z-drewnianym-blatem\/#breadcrumb"},"inLanguage":"en-US","potentialAction":[{"@type":"ReadAction","target":["https:\/\/rynkowskidesign.pl\/index.php\/szara-kuchnia-z-drewnianym-blatem\/"]}]},{"@type":"BreadcrumbList","@id":"https:\/\/rynkowskidesign.pl\/index.php\/szara-kuchnia-z-drewnianym-blatem\/#breadcrumb","itemListElement":[{"@type":"ListItem","position":1,"name":"Home","item":"https:\/\/rynkowskidesign.pl\/"},{"@type":"ListItem","position":2,"name":"Szara kuchnia z drewnianym blatem i czarnymi dodatkami"}]},{"@type":"WebSite","@id":"https:\/\/rynkowskidesign.pl\/#website","url":"https:\/\/rynkowskidesign.pl\/","name":"Architekt Pozna\u0144 - projekty dom\u00f3w, projekty wn\u0119trz","description":"Rynkowski Design","publisher":{"@id":"https:\/\/rynkowskidesign.pl\/#organization"},"potentialAction":[{"@type":"SearchAction","target":{"@type":"EntryPoint","urlTemplate":"https:\/\/rynkowskidesign.pl\/?s={search_term_string}"},"query-input":"required name=search_term_string"}],"inLanguage":"en-US"},{"@type":"Organization","@id":"https:\/\/rynkowskidesign.pl\/#organization","name":"Rynkowski Design","url":"https:\/\/rynkowskidesign.pl\/","logo":{"@type":"ImageObject","inLanguage":"en-US","@id":"https:\/\/rynkowskidesign.pl\/#\/schema\/logo\/image\/","url":"https:\/\/rynkowskidesign.pl\/wp-content\/uploads\/2018\/05\/cropped-2.png","contentUrl":"https:\/\/rynkowskidesign.pl\/wp-content\/uploads\/2018\/05\/cropped-2.png","width":512,"height":512,"caption":"Rynkowski Design"},"image":{"@id":"https:\/\/rynkowskidesign.pl\/#\/schema\/logo\/image\/"},"sameAs":["https:\/\/www.facebook.com\/RynkowskiDesign","https:\/\/www.instagram.com\/rynkowskidesign\/","https:\/\/www.youtube.com\/channel\/UCzBFs6JGA0RxNvGBJmxe5nQ"]}]}},"_links":{"self":[{"href":"https:\/\/rynkowskidesign.pl\/index.php\/wp-json\/wp\/v2\/pages\/4013"}],"collection":[{"href":"https:\/\/rynkowskidesign.pl\/index.php\/wp-json\/wp\/v2\/pages"}],"about":[{"href":"https:\/\/rynkowskidesign.pl\/index.php\/wp-json\/wp\/v2\/types\/page"}],"author":[{"embeddable":true,"href":"https:\/\/rynkowskidesign.pl\/index.php\/wp-json\/wp\/v2\/users\/1"}],"replies":[{"embeddable":true,"href":"https:\/\/rynkowskidesign.pl\/index.php\/wp-json\/wp\/v2\/comments?post=4013"}],"version-history":[{"count":7,"href":"https:\/\/rynkowskidesign.pl\/index.php\/wp-json\/wp\/v2\/pages\/4013\/revisions"}],"predecessor-version":[{"id":4355,"href":"https:\/\/rynkowskidesign.pl\/index.php\/wp-json\/wp\/v2\/pages\/4013\/revisions\/4355"}],"wp:attachment":[{"href":"https:\/\/rynkowskidesign.pl\/index.php\/wp-json\/wp\/v2\/media?parent=4013"}],"curies":[{"name":"wp","href":"https:\/\/api.w.org\/{rel}","templated":true}]}}