{"id":4568,"date":"2025-01-13T10:49:51","date_gmt":"2025-01-13T10:49:51","guid":{"rendered":"https:\/\/rynkowskidesign.pl\/?page_id=4568"},"modified":"2025-01-14T16:55:21","modified_gmt":"2025-01-14T16:55:21","slug":"salon-natura","status":"publish","type":"page","link":"https:\/\/rynkowskidesign.pl\/index.php\/salon-natura\/","title":{"rendered":"Strefa dzienna"},"content":{"rendered":"\n<h2 class=\"wp-block-heading has-text-align-left\" id=\"block-9baa15c5-6d10-4fb5-8b63-8330e219a779\">Strefa dzienna\/Salon<\/h2>\n\n\n\n<p class=\"has-text-align-center\" style=\"font-size:30px\"><\/p>\n\n\n<div class=\"wp-block-image\">\n<figure class=\"aligncenter size-large\"><img decoding=\"async\" width=\"1024\" height=\"683\" src=\"https:\/\/rynkowskidesign.pl\/wp-content\/uploads\/2024\/12\/P0.04-salon-widok-1-2-1024x683.jpg\" alt=\"\" class=\"wp-image-4495\" srcset=\"https:\/\/rynkowskidesign.pl\/wp-content\/uploads\/2024\/12\/P0.04-salon-widok-1-2-1024x683.jpg 1024w, https:\/\/rynkowskidesign.pl\/wp-content\/uploads\/2024\/12\/P0.04-salon-widok-1-2-300x200.jpg 300w, https:\/\/rynkowskidesign.pl\/wp-content\/uploads\/2024\/12\/P0.04-salon-widok-1-2-768x512.jpg 768w, https:\/\/rynkowskidesign.pl\/wp-content\/uploads\/2024\/12\/P0.04-salon-widok-1-2-1536x1024.jpg 1536w, https:\/\/rynkowskidesign.pl\/wp-content\/uploads\/2024\/12\/P0.04-salon-widok-1-2-2048x1365.jpg 2048w, https:\/\/rynkowskidesign.pl\/wp-content\/uploads\/2024\/12\/P0.04-salon-widok-1-2-930x620.jpg 930w\" sizes=\"(max-width: 1024px) 100vw, 1024px\" \/><\/figure><\/div>\n\n\n<div style=\"height:19px\" aria-hidden=\"true\" class=\"wp-block-spacer\"><\/div>\n\n\n\n<p class=\"has-text-align-center\">Wn\u0119trze zaprojektowane z my\u015bl\u0105 o funkcjonalno\u015bci i jako\u015bci materia\u0142\u00f3w. Stonowana paleta barw inspirowana natur\u0105, mi\u0119kkie formy i starannie dobrane tekstury. Subtelne o\u015bwietlenie dope\u0142nia ca\u0142o\u015b\u0107, tworz\u0105c przestrze\u0144 pe\u0142n\u0105 spokoju i harmonii.<\/p>\n\n\n\n<div style=\"height:8px\" aria-hidden=\"true\" class=\"wp-block-spacer\"><\/div>\n\n\n<div class=\"wp-block-image\">\n<figure class=\"aligncenter size-large\"><img decoding=\"async\" width=\"683\" height=\"1024\" src=\"https:\/\/rynkowskidesign.pl\/wp-content\/uploads\/2025\/01\/470482441_1127001369434464_5838626541819258885_n-683x1024.jpg\" alt=\"\" class=\"wp-image-4569\" srcset=\"https:\/\/rynkowskidesign.pl\/wp-content\/uploads\/2025\/01\/470482441_1127001369434464_5838626541819258885_n-683x1024.jpg 683w, https:\/\/rynkowskidesign.pl\/wp-content\/uploads\/2025\/01\/470482441_1127001369434464_5838626541819258885_n-200x300.jpg 200w, https:\/\/rynkowskidesign.pl\/wp-content\/uploads\/2025\/01\/470482441_1127001369434464_5838626541819258885_n-768x1152.jpg 768w, https:\/\/rynkowskidesign.pl\/wp-content\/uploads\/2025\/01\/470482441_1127001369434464_5838626541819258885_n-1024x1536.jpg 1024w, https:\/\/rynkowskidesign.pl\/wp-content\/uploads\/2025\/01\/470482441_1127001369434464_5838626541819258885_n.jpg 1365w\" sizes=\"(max-width: 683px) 100vw, 683px\" \/><\/figure><\/div>\n\n\n<div style=\"height:8px\" aria-hidden=\"true\" class=\"wp-block-spacer\"><\/div>\n\n\n<div class=\"wp-block-image\">\n<figure class=\"aligncenter size-large\"><img decoding=\"async\" width=\"683\" height=\"1024\" src=\"https:\/\/rynkowskidesign.pl\/wp-content\/uploads\/2025\/01\/470219180_1127001366101131_151341930369042704_n-683x1024.jpg\" alt=\"\" class=\"wp-image-4570\" srcset=\"https:\/\/rynkowskidesign.pl\/wp-content\/uploads\/2025\/01\/470219180_1127001366101131_151341930369042704_n-683x1024.jpg 683w, https:\/\/rynkowskidesign.pl\/wp-content\/uploads\/2025\/01\/470219180_1127001366101131_151341930369042704_n-200x300.jpg 200w, https:\/\/rynkowskidesign.pl\/wp-content\/uploads\/2025\/01\/470219180_1127001366101131_151341930369042704_n-768x1152.jpg 768w, https:\/\/rynkowskidesign.pl\/wp-content\/uploads\/2025\/01\/470219180_1127001366101131_151341930369042704_n-1024x1536.jpg 1024w, https:\/\/rynkowskidesign.pl\/wp-content\/uploads\/2025\/01\/470219180_1127001366101131_151341930369042704_n.jpg 1365w\" sizes=\"(max-width: 683px) 100vw, 683px\" \/><\/figure><\/div>\n\n\n<p><\/p>\n\n\n\n<div style=\"height:25px\" aria-hidden=\"true\" class=\"wp-block-spacer\"><\/div>\n","protected":false},"excerpt":{"rendered":"<p>Strefa dzienna\/Salon Wn\u0119trze zaprojektowane z my\u015bl\u0105 o funkcjonalno\u015bci i jako\u015bci materia\u0142\u00f3w. Stonowana paleta barw inspirowana natur\u0105, mi\u0119kkie formy i starannie dobrane tekstury. Subtelne o\u015bwietlenie dope\u0142nia ca\u0142o\u015b\u0107, tworz\u0105c przestrze\u0144 pe\u0142n\u0105 spokoju i harmonii.<\/p>\n","protected":false},"author":1,"featured_media":0,"parent":0,"menu_order":0,"comment_status":"closed","ping_status":"closed","template":"","meta":{"neve_meta_sidebar":"","neve_meta_container":"","neve_meta_enable_content_width":"","neve_meta_content_width":0,"neve_meta_title_alignment":"","neve_meta_author_avatar":"","neve_post_elements_order":"","neve_meta_disable_header":"","neve_meta_disable_footer":"","neve_meta_disable_title":"","_themeisle_gutenberg_block_has_review":false},"yoast_head":"<!-- This site is optimized with the Yoast SEO plugin v21.4 - https:\/\/yoast.com\/wordpress\/plugins\/seo\/ -->\n<title>Strefa dzienna - Architekt Pozna\u0144 - projekty dom\u00f3w, projekty wn\u0119trz<\/title>\n<meta name=\"robots\" content=\"index, follow, max-snippet:-1, max-image-preview:large, max-video-preview:-1\" \/>\n<link rel=\"canonical\" href=\"https:\/\/rynkowskidesign.pl\/index.php\/salon-natura\/\" \/>\n<meta property=\"og:locale\" content=\"en_US\" \/>\n<meta property=\"og:type\" content=\"article\" \/>\n<meta property=\"og:title\" content=\"Strefa dzienna - Architekt Pozna\u0144 - projekty dom\u00f3w, projekty wn\u0119trz\" \/>\n<meta property=\"og:description\" content=\"Strefa dzienna\/Salon Wn\u0119trze zaprojektowane z my\u015bl\u0105 o funkcjonalno\u015bci i jako\u015bci materia\u0142\u00f3w. Stonowana paleta barw inspirowana natur\u0105, mi\u0119kkie formy i starannie dobrane tekstury. Subtelne o\u015bwietlenie dope\u0142nia ca\u0142o\u015b\u0107, tworz\u0105c przestrze\u0144 pe\u0142n\u0105 spokoju i harmonii.\" \/>\n<meta property=\"og:url\" content=\"https:\/\/rynkowskidesign.pl\/index.php\/salon-natura\/\" \/>\n<meta property=\"og:site_name\" content=\"Architekt Pozna\u0144 - projekty dom\u00f3w, projekty wn\u0119trz\" \/>\n<meta property=\"article:publisher\" content=\"https:\/\/www.facebook.com\/RynkowskiDesign\" \/>\n<meta property=\"article:modified_time\" content=\"2025-01-14T16:55:21+00:00\" \/>\n<meta property=\"og:image\" content=\"https:\/\/rynkowskidesign.pl\/wp-content\/uploads\/2024\/12\/P0.04-salon-widok-1-2-1024x683.jpg\" \/>\n<meta name=\"twitter:card\" content=\"summary_large_image\" \/>\n<meta name=\"twitter:label1\" content=\"Est. reading time\" \/>\n\t<meta name=\"twitter:data1\" content=\"1 minute\" \/>\n<script type=\"application\/ld+json\" class=\"yoast-schema-graph\">{\"@context\":\"https:\/\/schema.org\",\"@graph\":[{\"@type\":\"WebPage\",\"@id\":\"https:\/\/rynkowskidesign.pl\/index.php\/salon-natura\/\",\"url\":\"https:\/\/rynkowskidesign.pl\/index.php\/salon-natura\/\",\"name\":\"Strefa dzienna - Architekt Pozna\u0144 - projekty dom\u00f3w, projekty wn\u0119trz\",\"isPartOf\":{\"@id\":\"https:\/\/rynkowskidesign.pl\/#website\"},\"datePublished\":\"2025-01-13T10:49:51+00:00\",\"dateModified\":\"2025-01-14T16:55:21+00:00\",\"breadcrumb\":{\"@id\":\"https:\/\/rynkowskidesign.pl\/index.php\/salon-natura\/#breadcrumb\"},\"inLanguage\":\"en-US\",\"potentialAction\":[{\"@type\":\"ReadAction\",\"target\":[\"https:\/\/rynkowskidesign.pl\/index.php\/salon-natura\/\"]}]},{\"@type\":\"BreadcrumbList\",\"@id\":\"https:\/\/rynkowskidesign.pl\/index.php\/salon-natura\/#breadcrumb\",\"itemListElement\":[{\"@type\":\"ListItem\",\"position\":1,\"name\":\"Home\",\"item\":\"https:\/\/rynkowskidesign.pl\/\"},{\"@type\":\"ListItem\",\"position\":2,\"name\":\"Strefa dzienna\"}]},{\"@type\":\"WebSite\",\"@id\":\"https:\/\/rynkowskidesign.pl\/#website\",\"url\":\"https:\/\/rynkowskidesign.pl\/\",\"name\":\"Architekt Pozna\u0144 - projekty dom\u00f3w, projekty wn\u0119trz\",\"description\":\"Rynkowski Design\",\"publisher\":{\"@id\":\"https:\/\/rynkowskidesign.pl\/#organization\"},\"potentialAction\":[{\"@type\":\"SearchAction\",\"target\":{\"@type\":\"EntryPoint\",\"urlTemplate\":\"https:\/\/rynkowskidesign.pl\/?s={search_term_string}\"},\"query-input\":\"required name=search_term_string\"}],\"inLanguage\":\"en-US\"},{\"@type\":\"Organization\",\"@id\":\"https:\/\/rynkowskidesign.pl\/#organization\",\"name\":\"Rynkowski Design\",\"url\":\"https:\/\/rynkowskidesign.pl\/\",\"logo\":{\"@type\":\"ImageObject\",\"inLanguage\":\"en-US\",\"@id\":\"https:\/\/rynkowskidesign.pl\/#\/schema\/logo\/image\/\",\"url\":\"https:\/\/rynkowskidesign.pl\/wp-content\/uploads\/2018\/05\/cropped-2.png\",\"contentUrl\":\"https:\/\/rynkowskidesign.pl\/wp-content\/uploads\/2018\/05\/cropped-2.png\",\"width\":512,\"height\":512,\"caption\":\"Rynkowski Design\"},\"image\":{\"@id\":\"https:\/\/rynkowskidesign.pl\/#\/schema\/logo\/image\/\"},\"sameAs\":[\"https:\/\/www.facebook.com\/RynkowskiDesign\",\"https:\/\/www.instagram.com\/rynkowskidesign\/\",\"https:\/\/www.youtube.com\/channel\/UCzBFs6JGA0RxNvGBJmxe5nQ\"]}]}<\/script>\n<!-- \/ Yoast SEO plugin. -->","yoast_head_json":{"title":"Strefa dzienna - Architekt Pozna\u0144 - projekty dom\u00f3w, projekty wn\u0119trz","robots":{"index":"index","follow":"follow","max-snippet":"max-snippet:-1","max-image-preview":"max-image-preview:large","max-video-preview":"max-video-preview:-1"},"canonical":"https:\/\/rynkowskidesign.pl\/index.php\/salon-natura\/","og_locale":"en_US","og_type":"article","og_title":"Strefa dzienna - Architekt Pozna\u0144 - projekty dom\u00f3w, projekty wn\u0119trz","og_description":"Strefa dzienna\/Salon Wn\u0119trze zaprojektowane z my\u015bl\u0105 o funkcjonalno\u015bci i jako\u015bci materia\u0142\u00f3w. Stonowana paleta barw inspirowana natur\u0105, mi\u0119kkie formy i starannie dobrane tekstury. Subtelne o\u015bwietlenie dope\u0142nia ca\u0142o\u015b\u0107, tworz\u0105c przestrze\u0144 pe\u0142n\u0105 spokoju i harmonii.","og_url":"https:\/\/rynkowskidesign.pl\/index.php\/salon-natura\/","og_site_name":"Architekt Pozna\u0144 - projekty dom\u00f3w, projekty wn\u0119trz","article_publisher":"https:\/\/www.facebook.com\/RynkowskiDesign","article_modified_time":"2025-01-14T16:55:21+00:00","og_image":[{"url":"https:\/\/rynkowskidesign.pl\/wp-content\/uploads\/2024\/12\/P0.04-salon-widok-1-2-1024x683.jpg"}],"twitter_card":"summary_large_image","twitter_misc":{"Est. reading time":"1 minute"},"schema":{"@context":"https:\/\/schema.org","@graph":[{"@type":"WebPage","@id":"https:\/\/rynkowskidesign.pl\/index.php\/salon-natura\/","url":"https:\/\/rynkowskidesign.pl\/index.php\/salon-natura\/","name":"Strefa dzienna - Architekt Pozna\u0144 - projekty dom\u00f3w, projekty wn\u0119trz","isPartOf":{"@id":"https:\/\/rynkowskidesign.pl\/#website"},"datePublished":"2025-01-13T10:49:51+00:00","dateModified":"2025-01-14T16:55:21+00:00","breadcrumb":{"@id":"https:\/\/rynkowskidesign.pl\/index.php\/salon-natura\/#breadcrumb"},"inLanguage":"en-US","potentialAction":[{"@type":"ReadAction","target":["https:\/\/rynkowskidesign.pl\/index.php\/salon-natura\/"]}]},{"@type":"BreadcrumbList","@id":"https:\/\/rynkowskidesign.pl\/index.php\/salon-natura\/#breadcrumb","itemListElement":[{"@type":"ListItem","position":1,"name":"Home","item":"https:\/\/rynkowskidesign.pl\/"},{"@type":"ListItem","position":2,"name":"Strefa dzienna"}]},{"@type":"WebSite","@id":"https:\/\/rynkowskidesign.pl\/#website","url":"https:\/\/rynkowskidesign.pl\/","name":"Architekt Pozna\u0144 - projekty dom\u00f3w, projekty wn\u0119trz","description":"Rynkowski Design","publisher":{"@id":"https:\/\/rynkowskidesign.pl\/#organization"},"potentialAction":[{"@type":"SearchAction","target":{"@type":"EntryPoint","urlTemplate":"https:\/\/rynkowskidesign.pl\/?s={search_term_string}"},"query-input":"required name=search_term_string"}],"inLanguage":"en-US"},{"@type":"Organization","@id":"https:\/\/rynkowskidesign.pl\/#organization","name":"Rynkowski Design","url":"https:\/\/rynkowskidesign.pl\/","logo":{"@type":"ImageObject","inLanguage":"en-US","@id":"https:\/\/rynkowskidesign.pl\/#\/schema\/logo\/image\/","url":"https:\/\/rynkowskidesign.pl\/wp-content\/uploads\/2018\/05\/cropped-2.png","contentUrl":"https:\/\/rynkowskidesign.pl\/wp-content\/uploads\/2018\/05\/cropped-2.png","width":512,"height":512,"caption":"Rynkowski Design"},"image":{"@id":"https:\/\/rynkowskidesign.pl\/#\/schema\/logo\/image\/"},"sameAs":["https:\/\/www.facebook.com\/RynkowskiDesign","https:\/\/www.instagram.com\/rynkowskidesign\/","https:\/\/www.youtube.com\/channel\/UCzBFs6JGA0RxNvGBJmxe5nQ"]}]}},"_links":{"self":[{"href":"https:\/\/rynkowskidesign.pl\/index.php\/wp-json\/wp\/v2\/pages\/4568"}],"collection":[{"href":"https:\/\/rynkowskidesign.pl\/index.php\/wp-json\/wp\/v2\/pages"}],"about":[{"href":"https:\/\/rynkowskidesign.pl\/index.php\/wp-json\/wp\/v2\/types\/page"}],"author":[{"embeddable":true,"href":"https:\/\/rynkowskidesign.pl\/index.php\/wp-json\/wp\/v2\/users\/1"}],"replies":[{"embeddable":true,"href":"https:\/\/rynkowskidesign.pl\/index.php\/wp-json\/wp\/v2\/comments?post=4568"}],"version-history":[{"count":4,"href":"https:\/\/rynkowskidesign.pl\/index.php\/wp-json\/wp\/v2\/pages\/4568\/revisions"}],"predecessor-version":[{"id":4711,"href":"https:\/\/rynkowskidesign.pl\/index.php\/wp-json\/wp\/v2\/pages\/4568\/revisions\/4711"}],"wp:attachment":[{"href":"https:\/\/rynkowskidesign.pl\/index.php\/wp-json\/wp\/v2\/media?parent=4568"}],"curies":[{"name":"wp","href":"https:\/\/api.w.org\/{rel}","templated":true}]}}