{"id":4577,"date":"2025-01-13T10:57:52","date_gmt":"2025-01-13T10:57:52","guid":{"rendered":"https:\/\/rynkowskidesign.pl\/?page_id=4577"},"modified":"2025-01-14T16:54:33","modified_gmt":"2025-01-14T16:54:33","slug":"nowoczesny-wiatrolap","status":"publish","type":"page","link":"https:\/\/rynkowskidesign.pl\/index.php\/nowoczesny-wiatrolap\/","title":{"rendered":"Wiatro\u0142ap &#038; korytarz"},"content":{"rendered":"\n<div style=\"height:12px\" aria-hidden=\"true\" class=\"wp-block-spacer\"><\/div>\n\n\n\n<h2 class=\"wp-block-heading has-text-align-left\" id=\"block-9baa15c5-6d10-4fb5-8b63-8330e219a779\">Nowoczesny wiatro\u0142ap z minimalistycznym korytarzem<\/h2>\n\n\n\n<p><\/p>\n\n\n<div class=\"wp-block-image\">\n<figure class=\"aligncenter size-large\"><img decoding=\"async\" width=\"683\" height=\"1024\" src=\"https:\/\/rynkowskidesign.pl\/wp-content\/uploads\/2025\/01\/P0.01-wiatrolap-widok-2-683x1024.jpg\" alt=\"\" class=\"wp-image-4578\" srcset=\"https:\/\/rynkowskidesign.pl\/wp-content\/uploads\/2025\/01\/P0.01-wiatrolap-widok-2-683x1024.jpg 683w, https:\/\/rynkowskidesign.pl\/wp-content\/uploads\/2025\/01\/P0.01-wiatrolap-widok-2-200x300.jpg 200w, https:\/\/rynkowskidesign.pl\/wp-content\/uploads\/2025\/01\/P0.01-wiatrolap-widok-2-768x1152.jpg 768w, https:\/\/rynkowskidesign.pl\/wp-content\/uploads\/2025\/01\/P0.01-wiatrolap-widok-2-1024x1536.jpg 1024w, https:\/\/rynkowskidesign.pl\/wp-content\/uploads\/2025\/01\/P0.01-wiatrolap-widok-2-1365x2048.jpg 1365w, https:\/\/rynkowskidesign.pl\/wp-content\/uploads\/2025\/01\/P0.01-wiatrolap-widok-2-scaled.jpg 1707w\" sizes=\"(max-width: 683px) 100vw, 683px\" \/><\/figure><\/div>\n\n\n<div style=\"height:19px\" aria-hidden=\"true\" class=\"wp-block-spacer\"><\/div>\n\n\n\n<p class=\"has-text-align-center\">Ten wiatro\u0142ap i korytarz to doskona\u0142y przyk\u0142ad harmonii mi\u0119dzy estetyk\u0105 a funkcjonalno\u015bci\u0105. Minimalistyczne wyko\u0144czenia, kontrastowe akcenty oraz przemy\u015blane detale, takie jak przeszklenia i tapicerowane elementy, tworz\u0105 przytuln\u0105, a jednocze\u015bnie nowoczesn\u0105 przestrze\u0144<\/p>\n\n\n\n<div style=\"height:8px\" aria-hidden=\"true\" class=\"wp-block-spacer\"><\/div>\n\n\n<div class=\"wp-block-image\">\n<figure class=\"aligncenter size-large\"><img decoding=\"async\" width=\"683\" height=\"1024\" src=\"https:\/\/rynkowskidesign.pl\/wp-content\/uploads\/2025\/01\/P0.01-wiatrolap-widok-1-683x1024.jpg\" alt=\"\" class=\"wp-image-4579\" srcset=\"https:\/\/rynkowskidesign.pl\/wp-content\/uploads\/2025\/01\/P0.01-wiatrolap-widok-1-683x1024.jpg 683w, https:\/\/rynkowskidesign.pl\/wp-content\/uploads\/2025\/01\/P0.01-wiatrolap-widok-1-200x300.jpg 200w, https:\/\/rynkowskidesign.pl\/wp-content\/uploads\/2025\/01\/P0.01-wiatrolap-widok-1-768x1152.jpg 768w, https:\/\/rynkowskidesign.pl\/wp-content\/uploads\/2025\/01\/P0.01-wiatrolap-widok-1-1024x1536.jpg 1024w, https:\/\/rynkowskidesign.pl\/wp-content\/uploads\/2025\/01\/P0.01-wiatrolap-widok-1-1365x2048.jpg 1365w, https:\/\/rynkowskidesign.pl\/wp-content\/uploads\/2025\/01\/P0.01-wiatrolap-widok-1-scaled.jpg 1707w\" sizes=\"(max-width: 683px) 100vw, 683px\" \/><\/figure><\/div>\n\n\n<div style=\"height:10px\" aria-hidden=\"true\" class=\"wp-block-spacer\"><\/div>\n\n\n<div class=\"wp-block-image\">\n<figure class=\"aligncenter size-large\"><img decoding=\"async\" width=\"683\" height=\"1024\" src=\"https:\/\/rynkowskidesign.pl\/wp-content\/uploads\/2025\/01\/P0.02-korytarz-widok-3-1-1-683x1024.jpg\" alt=\"\" class=\"wp-image-4580\" srcset=\"https:\/\/rynkowskidesign.pl\/wp-content\/uploads\/2025\/01\/P0.02-korytarz-widok-3-1-1-683x1024.jpg 683w, https:\/\/rynkowskidesign.pl\/wp-content\/uploads\/2025\/01\/P0.02-korytarz-widok-3-1-1-200x300.jpg 200w, https:\/\/rynkowskidesign.pl\/wp-content\/uploads\/2025\/01\/P0.02-korytarz-widok-3-1-1-768x1152.jpg 768w, https:\/\/rynkowskidesign.pl\/wp-content\/uploads\/2025\/01\/P0.02-korytarz-widok-3-1-1-1024x1536.jpg 1024w, https:\/\/rynkowskidesign.pl\/wp-content\/uploads\/2025\/01\/P0.02-korytarz-widok-3-1-1-1365x2048.jpg 1365w, https:\/\/rynkowskidesign.pl\/wp-content\/uploads\/2025\/01\/P0.02-korytarz-widok-3-1-1-scaled.jpg 1707w\" sizes=\"(max-width: 683px) 100vw, 683px\" \/><\/figure><\/div>\n\n\n<div style=\"height:10px\" aria-hidden=\"true\" class=\"wp-block-spacer\"><\/div>\n\n\n\n<p class=\"has-text-align-center\">Projekt charakteryzuje si\u0119 elegancj\u0105 i sp\u00f3jno\u015bci\u0105, idealnie wpisuj\u0105c si\u0119 w potrzeby wsp\u00f3\u0142czesnych wn\u0119trz.&nbsp;<\/p>\n\n\n\n<div style=\"height:25px\" aria-hidden=\"true\" class=\"wp-block-spacer\"><\/div>\n\n\n\n<p><\/p>\n","protected":false},"excerpt":{"rendered":"<p>Nowoczesny wiatro\u0142ap z minimalistycznym korytarzem Ten wiatro\u0142ap i korytarz to doskona\u0142y przyk\u0142ad harmonii mi\u0119dzy estetyk\u0105 a funkcjonalno\u015bci\u0105. Minimalistyczne wyko\u0144czenia, kontrastowe akcenty oraz przemy\u015blane detale, takie jak przeszklenia i tapicerowane elementy, tworz\u0105 przytuln\u0105, a jednocze\u015bnie nowoczesn\u0105 przestrze\u0144 Projekt charakteryzuje si\u0119 elegancj\u0105 i sp\u00f3jno\u015bci\u0105, idealnie wpisuj\u0105c si\u0119 w potrzeby wsp\u00f3\u0142czesnych wn\u0119trz.&nbsp;<\/p>\n","protected":false},"author":1,"featured_media":0,"parent":0,"menu_order":0,"comment_status":"closed","ping_status":"closed","template":"","meta":{"neve_meta_sidebar":"","neve_meta_container":"","neve_meta_enable_content_width":"","neve_meta_content_width":0,"neve_meta_title_alignment":"","neve_meta_author_avatar":"","neve_post_elements_order":"","neve_meta_disable_header":"","neve_meta_disable_footer":"","neve_meta_disable_title":"","_themeisle_gutenberg_block_has_review":false},"yoast_head":"<!-- This site is optimized with the Yoast SEO plugin v21.4 - https:\/\/yoast.com\/wordpress\/plugins\/seo\/ -->\n<title>Wiatro\u0142ap &amp; korytarz - Architekt Pozna\u0144 - projekty dom\u00f3w, projekty wn\u0119trz<\/title>\n<meta name=\"robots\" content=\"index, follow, max-snippet:-1, max-image-preview:large, max-video-preview:-1\" \/>\n<link rel=\"canonical\" href=\"https:\/\/rynkowskidesign.pl\/index.php\/nowoczesny-wiatrolap\/\" \/>\n<meta property=\"og:locale\" content=\"en_US\" \/>\n<meta property=\"og:type\" content=\"article\" \/>\n<meta property=\"og:title\" content=\"Wiatro\u0142ap &amp; korytarz - Architekt Pozna\u0144 - projekty dom\u00f3w, projekty wn\u0119trz\" \/>\n<meta property=\"og:description\" content=\"Nowoczesny wiatro\u0142ap z minimalistycznym korytarzem Ten wiatro\u0142ap i korytarz to doskona\u0142y przyk\u0142ad harmonii mi\u0119dzy estetyk\u0105 a funkcjonalno\u015bci\u0105. Minimalistyczne wyko\u0144czenia, kontrastowe akcenty oraz przemy\u015blane detale, takie jak przeszklenia i tapicerowane elementy, tworz\u0105 przytuln\u0105, a jednocze\u015bnie nowoczesn\u0105 przestrze\u0144 Projekt charakteryzuje si\u0119 elegancj\u0105 i sp\u00f3jno\u015bci\u0105, idealnie wpisuj\u0105c si\u0119 w potrzeby wsp\u00f3\u0142czesnych wn\u0119trz.&nbsp;\" \/>\n<meta property=\"og:url\" content=\"https:\/\/rynkowskidesign.pl\/index.php\/nowoczesny-wiatrolap\/\" \/>\n<meta property=\"og:site_name\" content=\"Architekt Pozna\u0144 - projekty dom\u00f3w, projekty wn\u0119trz\" \/>\n<meta property=\"article:publisher\" content=\"https:\/\/www.facebook.com\/RynkowskiDesign\" \/>\n<meta property=\"article:modified_time\" content=\"2025-01-14T16:54:33+00:00\" \/>\n<meta property=\"og:image\" content=\"https:\/\/rynkowskidesign.pl\/wp-content\/uploads\/2025\/01\/P0.01-wiatrolap-widok-2-683x1024.jpg\" \/>\n<meta name=\"twitter:card\" content=\"summary_large_image\" \/>\n<meta name=\"twitter:label1\" content=\"Est. reading time\" \/>\n\t<meta name=\"twitter:data1\" content=\"1 minute\" \/>\n<script type=\"application\/ld+json\" class=\"yoast-schema-graph\">{\"@context\":\"https:\/\/schema.org\",\"@graph\":[{\"@type\":\"WebPage\",\"@id\":\"https:\/\/rynkowskidesign.pl\/index.php\/nowoczesny-wiatrolap\/\",\"url\":\"https:\/\/rynkowskidesign.pl\/index.php\/nowoczesny-wiatrolap\/\",\"name\":\"Wiatro\u0142ap & korytarz - Architekt Pozna\u0144 - projekty dom\u00f3w, projekty wn\u0119trz\",\"isPartOf\":{\"@id\":\"https:\/\/rynkowskidesign.pl\/#website\"},\"datePublished\":\"2025-01-13T10:57:52+00:00\",\"dateModified\":\"2025-01-14T16:54:33+00:00\",\"breadcrumb\":{\"@id\":\"https:\/\/rynkowskidesign.pl\/index.php\/nowoczesny-wiatrolap\/#breadcrumb\"},\"inLanguage\":\"en-US\",\"potentialAction\":[{\"@type\":\"ReadAction\",\"target\":[\"https:\/\/rynkowskidesign.pl\/index.php\/nowoczesny-wiatrolap\/\"]}]},{\"@type\":\"BreadcrumbList\",\"@id\":\"https:\/\/rynkowskidesign.pl\/index.php\/nowoczesny-wiatrolap\/#breadcrumb\",\"itemListElement\":[{\"@type\":\"ListItem\",\"position\":1,\"name\":\"Home\",\"item\":\"https:\/\/rynkowskidesign.pl\/\"},{\"@type\":\"ListItem\",\"position\":2,\"name\":\"Wiatro\u0142ap &#038; korytarz\"}]},{\"@type\":\"WebSite\",\"@id\":\"https:\/\/rynkowskidesign.pl\/#website\",\"url\":\"https:\/\/rynkowskidesign.pl\/\",\"name\":\"Architekt Pozna\u0144 - projekty dom\u00f3w, projekty wn\u0119trz\",\"description\":\"Rynkowski Design\",\"publisher\":{\"@id\":\"https:\/\/rynkowskidesign.pl\/#organization\"},\"potentialAction\":[{\"@type\":\"SearchAction\",\"target\":{\"@type\":\"EntryPoint\",\"urlTemplate\":\"https:\/\/rynkowskidesign.pl\/?s={search_term_string}\"},\"query-input\":\"required name=search_term_string\"}],\"inLanguage\":\"en-US\"},{\"@type\":\"Organization\",\"@id\":\"https:\/\/rynkowskidesign.pl\/#organization\",\"name\":\"Rynkowski Design\",\"url\":\"https:\/\/rynkowskidesign.pl\/\",\"logo\":{\"@type\":\"ImageObject\",\"inLanguage\":\"en-US\",\"@id\":\"https:\/\/rynkowskidesign.pl\/#\/schema\/logo\/image\/\",\"url\":\"https:\/\/rynkowskidesign.pl\/wp-content\/uploads\/2018\/05\/cropped-2.png\",\"contentUrl\":\"https:\/\/rynkowskidesign.pl\/wp-content\/uploads\/2018\/05\/cropped-2.png\",\"width\":512,\"height\":512,\"caption\":\"Rynkowski Design\"},\"image\":{\"@id\":\"https:\/\/rynkowskidesign.pl\/#\/schema\/logo\/image\/\"},\"sameAs\":[\"https:\/\/www.facebook.com\/RynkowskiDesign\",\"https:\/\/www.instagram.com\/rynkowskidesign\/\",\"https:\/\/www.youtube.com\/channel\/UCzBFs6JGA0RxNvGBJmxe5nQ\"]}]}<\/script>\n<!-- \/ Yoast SEO plugin. -->","yoast_head_json":{"title":"Wiatro\u0142ap & korytarz - Architekt Pozna\u0144 - projekty dom\u00f3w, projekty wn\u0119trz","robots":{"index":"index","follow":"follow","max-snippet":"max-snippet:-1","max-image-preview":"max-image-preview:large","max-video-preview":"max-video-preview:-1"},"canonical":"https:\/\/rynkowskidesign.pl\/index.php\/nowoczesny-wiatrolap\/","og_locale":"en_US","og_type":"article","og_title":"Wiatro\u0142ap & korytarz - Architekt Pozna\u0144 - projekty dom\u00f3w, projekty wn\u0119trz","og_description":"Nowoczesny wiatro\u0142ap z minimalistycznym korytarzem Ten wiatro\u0142ap i korytarz to doskona\u0142y przyk\u0142ad harmonii mi\u0119dzy estetyk\u0105 a funkcjonalno\u015bci\u0105. Minimalistyczne wyko\u0144czenia, kontrastowe akcenty oraz przemy\u015blane detale, takie jak przeszklenia i tapicerowane elementy, tworz\u0105 przytuln\u0105, a jednocze\u015bnie nowoczesn\u0105 przestrze\u0144 Projekt charakteryzuje si\u0119 elegancj\u0105 i sp\u00f3jno\u015bci\u0105, idealnie wpisuj\u0105c si\u0119 w potrzeby wsp\u00f3\u0142czesnych wn\u0119trz.&nbsp;","og_url":"https:\/\/rynkowskidesign.pl\/index.php\/nowoczesny-wiatrolap\/","og_site_name":"Architekt Pozna\u0144 - projekty dom\u00f3w, projekty wn\u0119trz","article_publisher":"https:\/\/www.facebook.com\/RynkowskiDesign","article_modified_time":"2025-01-14T16:54:33+00:00","og_image":[{"url":"https:\/\/rynkowskidesign.pl\/wp-content\/uploads\/2025\/01\/P0.01-wiatrolap-widok-2-683x1024.jpg"}],"twitter_card":"summary_large_image","twitter_misc":{"Est. reading time":"1 minute"},"schema":{"@context":"https:\/\/schema.org","@graph":[{"@type":"WebPage","@id":"https:\/\/rynkowskidesign.pl\/index.php\/nowoczesny-wiatrolap\/","url":"https:\/\/rynkowskidesign.pl\/index.php\/nowoczesny-wiatrolap\/","name":"Wiatro\u0142ap & korytarz - Architekt Pozna\u0144 - projekty dom\u00f3w, projekty wn\u0119trz","isPartOf":{"@id":"https:\/\/rynkowskidesign.pl\/#website"},"datePublished":"2025-01-13T10:57:52+00:00","dateModified":"2025-01-14T16:54:33+00:00","breadcrumb":{"@id":"https:\/\/rynkowskidesign.pl\/index.php\/nowoczesny-wiatrolap\/#breadcrumb"},"inLanguage":"en-US","potentialAction":[{"@type":"ReadAction","target":["https:\/\/rynkowskidesign.pl\/index.php\/nowoczesny-wiatrolap\/"]}]},{"@type":"BreadcrumbList","@id":"https:\/\/rynkowskidesign.pl\/index.php\/nowoczesny-wiatrolap\/#breadcrumb","itemListElement":[{"@type":"ListItem","position":1,"name":"Home","item":"https:\/\/rynkowskidesign.pl\/"},{"@type":"ListItem","position":2,"name":"Wiatro\u0142ap &#038; korytarz"}]},{"@type":"WebSite","@id":"https:\/\/rynkowskidesign.pl\/#website","url":"https:\/\/rynkowskidesign.pl\/","name":"Architekt Pozna\u0144 - projekty dom\u00f3w, projekty wn\u0119trz","description":"Rynkowski Design","publisher":{"@id":"https:\/\/rynkowskidesign.pl\/#organization"},"potentialAction":[{"@type":"SearchAction","target":{"@type":"EntryPoint","urlTemplate":"https:\/\/rynkowskidesign.pl\/?s={search_term_string}"},"query-input":"required name=search_term_string"}],"inLanguage":"en-US"},{"@type":"Organization","@id":"https:\/\/rynkowskidesign.pl\/#organization","name":"Rynkowski Design","url":"https:\/\/rynkowskidesign.pl\/","logo":{"@type":"ImageObject","inLanguage":"en-US","@id":"https:\/\/rynkowskidesign.pl\/#\/schema\/logo\/image\/","url":"https:\/\/rynkowskidesign.pl\/wp-content\/uploads\/2018\/05\/cropped-2.png","contentUrl":"https:\/\/rynkowskidesign.pl\/wp-content\/uploads\/2018\/05\/cropped-2.png","width":512,"height":512,"caption":"Rynkowski Design"},"image":{"@id":"https:\/\/rynkowskidesign.pl\/#\/schema\/logo\/image\/"},"sameAs":["https:\/\/www.facebook.com\/RynkowskiDesign","https:\/\/www.instagram.com\/rynkowskidesign\/","https:\/\/www.youtube.com\/channel\/UCzBFs6JGA0RxNvGBJmxe5nQ"]}]}},"_links":{"self":[{"href":"https:\/\/rynkowskidesign.pl\/index.php\/wp-json\/wp\/v2\/pages\/4577"}],"collection":[{"href":"https:\/\/rynkowskidesign.pl\/index.php\/wp-json\/wp\/v2\/pages"}],"about":[{"href":"https:\/\/rynkowskidesign.pl\/index.php\/wp-json\/wp\/v2\/types\/page"}],"author":[{"embeddable":true,"href":"https:\/\/rynkowskidesign.pl\/index.php\/wp-json\/wp\/v2\/users\/1"}],"replies":[{"embeddable":true,"href":"https:\/\/rynkowskidesign.pl\/index.php\/wp-json\/wp\/v2\/comments?post=4577"}],"version-history":[{"count":5,"href":"https:\/\/rynkowskidesign.pl\/index.php\/wp-json\/wp\/v2\/pages\/4577\/revisions"}],"predecessor-version":[{"id":4710,"href":"https:\/\/rynkowskidesign.pl\/index.php\/wp-json\/wp\/v2\/pages\/4577\/revisions\/4710"}],"wp:attachment":[{"href":"https:\/\/rynkowskidesign.pl\/index.php\/wp-json\/wp\/v2\/media?parent=4577"}],"curies":[{"name":"wp","href":"https:\/\/api.w.org\/{rel}","templated":true}]}}